{"id":805,"date":"2016-07-22T22:05:35","date_gmt":"2016-07-22T21:05:35","guid":{"rendered":"http:\/\/isikizi.net\/?page_id=438"},"modified":"2016-09-17T10:31:32","modified_gmt":"2016-09-17T10:31:32","slug":"hakkimizda-2","status":"publish","type":"page","link":"http:\/\/genmer.net\/tr\/hakkimizda-2\/","title":{"rendered":"HAKKIMIZDA"},"content":{"rendered":"<p>[et_pb_section admin_label=&#8221;section&#8221; transparent_background=&#8221;off&#8221; background_color=&#8221;#ffffff&#8221; allow_player_pause=&#8221;off&#8221; inner_shadow=&#8221;off&#8221; parallax=&#8221;off&#8221; parallax_method=&#8221;off&#8221; custom_padding=&#8221;0px|0px|0px|0px&#8221; padding_mobile=&#8221;off&#8221; make_fullwidth=&#8221;off&#8221; use_custom_width=&#8221;off&#8221; width_unit=&#8221;on&#8221; make_equal=&#8221;off&#8221; use_custom_gutter=&#8221;off&#8221;][et_pb_row admin_label=&#8221;row&#8221; make_fullwidth=&#8221;on&#8221; use_custom_width=&#8221;off&#8221; width_unit=&#8221;on&#8221; use_custom_gutter=&#8221;on&#8221; padding_mobile=&#8221;off&#8221; allow_player_pause=&#8221;off&#8221; parallax=&#8221;off&#8221; parallax_method=&#8221;off&#8221; make_equal=&#8221;off&#8221; parallax_1=&#8221;off&#8221; parallax_method_1=&#8221;off&#8221; column_padding_mobile=&#8221;on&#8221; gutter_width=&#8221;1&#8243; custom_padding=&#8221;0px|0px|0px|0px&#8221;][et_pb_column type=&#8221;4_4&#8243;][et_pb_text admin_label=&#8221;Text&#8221; background_layout=&#8221;light&#8221; text_orientation=&#8221;left&#8221; use_border_color=&#8221;off&#8221; border_color=&#8221;#ffffff&#8221; border_style=&#8221;solid&#8221; custom_margin=&#8221;0px|0px|0px|0px&#8221; custom_padding=&#8221;0px|0px|0px|0px&#8221;]  [\/et_pb_text][\/et_pb_column][\/et_pb_row][\/et_pb_section][et_pb_section admin_label=&#8221;section&#8221;][et_pb_row admin_label=&#8221;row&#8221; make_fullwidth=&#8221;off&#8221; use_custom_width=&#8221;off&#8221; width_unit=&#8221;on&#8221; use_custom_gutter=&#8221;off&#8221; custom_padding=&#8221;0px|0px|0px|0px&#8221; padding_mobile=&#8221;off&#8221; allow_player_pause=&#8221;off&#8221; parallax=&#8221;off&#8221; parallax_method=&#8221;off&#8221; make_equal=&#8221;off&#8221; parallax_1=&#8221;off&#8221; parallax_method_1=&#8221;off&#8221; column_padding_mobile=&#8221;on&#8221;][et_pb_column type=&#8221;4_4&#8243;][et_pb_text admin_label=&#8221;Text&#8221; background_layout=&#8221;light&#8221; text_orientation=&#8221;left&#8221; use_border_color=&#8221;off&#8221; border_color=&#8221;#ffffff&#8221; border_style=&#8221;solid&#8221;]<\/p>\n<p>D\u00fcnyan\u0131n \u00e7e\u015fitli yerlerinde, \u00f6nemli projeler tamamlayan GENMER do\u011fal ta\u015f konusunda, uzmanla\u015fm\u0131\u015f bir firmad\u0131r. B\u00fcnyesinde, uzman mimari ve teknik ekibi ile, konsept proje a\u015famas\u0131ndan ba\u015flay\u0131p, imalat ve uygulama projelerinin haz\u0131rlanmas\u0131na, cephe ta\u015f\u0131y\u0131c\u0131 sistemlerinin \u00e7\u00f6z\u00fcm\u00fcnde her t\u00fcrl\u00fc detay ve hizmetleri verecek donan\u0131m ve tecr\u00fcbeye sahiptir.<\/p>\n<p>Projelerde kullan\u0131lacak, yerli yada yabanc\u0131 ta\u015flar, ilgili ocaklardan GENMER uzman personeli taraf\u0131ndan \u00f6zenle se\u00e7ilip, kendi yurti\u00e7i \u00fcretim merkezinde ya da, d\u00fcnyan\u0131n \u00e7esitli yerlerindeki, i\u015f ortaklar\u0131n\u0131n \u00fcretim merkezlerinde, projelerine uygun \u015fekilde \u00fcretimin t\u00fcm a\u015famalar\u0131 kontrol edilerek, kullan\u0131m alan\u0131na sevk edilirler.<\/p>\n<p>Denizli\u2019deki yurti\u00e7i \u00fcretim merkezimiz, klasik ve modern mimari ta\u015f elamanlar\u0131n\u0131n imalat\u0131n\u0131 ger\u00e7ekle\u015ftirebilecek, makina ve ekipmanlara sahiptir. Do\u011fal ta\u015f uygulamalar\u0131konusunda, uluslararas\u0131 tecr\u00fcbeye sahip firmam\u0131z, uzman montaj ekipleri ile i\u015f ortaklar\u0131na hizmet vermektedir.<\/p>\n<p>[\/et_pb_text][\/et_pb_column][\/et_pb_row][\/et_pb_section]<\/p>","protected":false},"excerpt":{"rendered":"<p> D\u00fcnyan\u0131n \u00e7e\u015fitli yerlerinde, \u00f6nemli projeler tamamlayan GENMER do\u011fal ta\u015f konusunda, uzmanla\u015fm\u0131\u015f bir firmad\u0131r. B\u00fcnyesinde, uzman mimari ve teknik ekibi ile, konsept proje a\u015famas\u0131ndan ba\u015flay\u0131p, imalat ve uygulama projelerinin haz\u0131rlanmas\u0131na, cephe ta\u015f\u0131y\u0131c\u0131 sistemlerinin \u00e7\u00f6z\u00fcm\u00fcnde her t\u00fcrl\u00fc detay ve hizmetleri verecek donan\u0131m ve tecr\u00fcbeye sahiptir. Projelerde kullan\u0131lacak, yerli yada yabanc\u0131 ta\u015flar, ilgili ocaklardan GENMER uzman [&hellip;]<\/p>\n","protected":false},"author":1,"featured_media":0,"parent":0,"menu_order":1,"comment_status":"closed","ping_status":"closed","template":"","meta":{"_et_pb_use_builder":"on","_et_pb_old_content":"","_et_gb_content_width":"","footnotes":""},"class_list":["post-805","page","type-page","status-publish","hentry"],"jetpack_sharing_enabled":true,"_links":{"self":[{"href":"http:\/\/genmer.net\/tr\/wp-json\/wp\/v2\/pages\/805"}],"collection":[{"href":"http:\/\/genmer.net\/tr\/wp-json\/wp\/v2\/pages"}],"about":[{"href":"http:\/\/genmer.net\/tr\/wp-json\/wp\/v2\/types\/page"}],"author":[{"embeddable":true,"href":"http:\/\/genmer.net\/tr\/wp-json\/wp\/v2\/users\/1"}],"replies":[{"embeddable":true,"href":"http:\/\/genmer.net\/tr\/wp-json\/wp\/v2\/comments?post=805"}],"version-history":[{"count":0,"href":"http:\/\/genmer.net\/tr\/wp-json\/wp\/v2\/pages\/805\/revisions"}],"wp:attachment":[{"href":"http:\/\/genmer.net\/tr\/wp-json\/wp\/v2\/media?parent=805"}],"curies":[{"name":"wp","href":"https:\/\/api.w.org\/{rel}","templated":true}]}}